{"id":109,"date":"2020-03-22T08:13:39","date_gmt":"2020-03-22T07:13:39","guid":{"rendered":"https:\/\/tramelan.associationbaptiste.org\/?page_id=109"},"modified":"2026-04-11T20:52:37","modified_gmt":"2026-04-11T18:52:37","slug":"agenda","status":"publish","type":"page","link":"https:\/\/oratoiretramelan.ch\/index.php\/agenda\/","title":{"rendered":"Agenda et activit\u00e9s"},"content":{"rendered":"\n<h4 class=\"wp-block-heading has-text-align-center\">Vous pouvez t\u00e9l\u00e9charger <\/h4>\n\n\n\n<h4 class=\"wp-block-heading has-text-align-center\">l&rsquo;Inf&rsquo;Oratoire du mois ici : <strong><a href=\"https:\/\/oratoiretramelan.ch\/index.php\/inforatoire\/\">Inf&rsquo;Oratoire<\/a><\/strong><\/h4>\n\n\n<div class=\"wp-block-image\">\n<figure class=\"aligncenter size-large is-resized\"><a href=\"https:\/\/oratoiretramelan.ch\/index.php\/inforatoire\/\"><img loading=\"lazy\" decoding=\"async\" width=\"1024\" height=\"410\" src=\"https:\/\/oratoiretramelan.ch\/wp-content\/uploads\/2026\/03\/2019-10-13-13.41.07-Copie-1024x410.png\" alt=\"\" class=\"wp-image-3763\" style=\"aspect-ratio:2.497677011707861;width:295px;height:auto\" srcset=\"https:\/\/oratoiretramelan.ch\/wp-content\/uploads\/2026\/03\/2019-10-13-13.41.07-Copie-1024x410.png 1024w, https:\/\/oratoiretramelan.ch\/wp-content\/uploads\/2026\/03\/2019-10-13-13.41.07-Copie-300x120.png 300w, https:\/\/oratoiretramelan.ch\/wp-content\/uploads\/2026\/03\/2019-10-13-13.41.07-Copie-768x307.png 768w, https:\/\/oratoiretramelan.ch\/wp-content\/uploads\/2026\/03\/2019-10-13-13.41.07-Copie-1536x615.png 1536w, https:\/\/oratoiretramelan.ch\/wp-content\/uploads\/2026\/03\/2019-10-13-13.41.07-Copie-2048x820.png 2048w\" sizes=\"auto, (max-width: 1024px) 100vw, 1024px\" \/><\/a><\/figure>\n<\/div>\n\n\n<div style=\"height:63px\" aria-hidden=\"true\" class=\"wp-block-spacer\"><\/div>\n\n\n\n<h4 class=\"wp-block-heading\"><strong>Vous trouverez aussi ci-dessous :<\/strong><\/h4>\n\n\n\n<ol class=\"wp-block-list\">\n<li><strong>L&rsquo;agenda EEBT sous forme google-agenda<\/strong><\/li>\n\n\n\n<li><strong>Le programme habituel de la semaine<\/strong><\/li>\n\n\n\n<li><strong>Les indications pour rejoindre les r\u00e9unions en ligne<\/strong><\/li>\n\n\n\n<li><strong>Un lien vers Inf&rsquo;Oratoire du mois, et le programme d\u00e9taill\u00e9s avec les intervenants<\/strong><\/li>\n<\/ol>\n\n\n\n<div style=\"height:8px\" aria-hidden=\"true\" class=\"wp-block-spacer\"><\/div>\n\n\n\n<hr class=\"wp-block-separator has-css-opacity\"\/>\n\n\n\n<div style=\"height:9px\" aria-hidden=\"true\" class=\"wp-block-spacer\"><\/div>\n\n\n\n<h4 class=\"wp-block-heading\"><strong>1. Agenda de l&rsquo;EEBT<\/strong><\/h4>\n\n\n\n<p>Vous pouvez choisir <strong>trois types d&rsquo;affichages<\/strong> : mois, semaine ou planning (en cliquant en haut \u00e0 droite du tableau)<\/p>\n\n\n\n<iframe loading=\"lazy\" src=\"https:\/\/calendar.google.com\/calendar\/embed?src=eebtramelan%40gmail.com&amp;ctz=Europe%2FParis\" style=\"border: 0\" width=\"800\" height=\"600\" frameborder=\"0\" scrolling=\"no\"><\/iframe>\n\n\n\n<div style=\"height:34px\" aria-hidden=\"true\" class=\"wp-block-spacer\"><\/div>\n\n\n\n<hr class=\"wp-block-separator has-css-opacity\"\/>\n\n\n\n<div style=\"height:9px\" aria-hidden=\"true\" class=\"wp-block-spacer\"><\/div>\n\n\n\n<h4 class=\"wp-block-heading\"><strong>2. Programme habituel de la semaine<\/strong><\/h4>\n\n\n\n<ul class=\"wp-block-list\">\n<li><strong>Dimanche <\/strong>: culte \u00e0 <strong>9h30<\/strong> \u00e0 l&rsquo;Oratoire\n<ul class=\"wp-block-list\">\n<li>(les pr\u00e9dications sont mises en ligne au format audio ici : <a href=\"https:\/\/oratoiretramelan.ch\/index.php\/messages-audio\/\">\u00ab\u00a0Messages audio\u00a0\u00bb<\/a>)<\/li>\n<\/ul>\n<\/li>\n\n\n\n<li><strong>Mardi <\/strong>soir : \u00e9tude biblique \u00e0 <strong>20h<\/strong> \u00e0 l&rsquo;Oratoire\n<ul class=\"wp-block-list\">\n<li>(on peut aussi suivre la soir\u00e9e par JitsiMeet ; voir point 2 pour les infos techniques)<\/li>\n<\/ul>\n<\/li>\n<\/ul>\n\n\n\n<div style=\"height:26px\" aria-hidden=\"true\" class=\"wp-block-spacer\"><\/div>\n\n\n\n<hr class=\"wp-block-separator has-css-opacity\"\/>\n\n\n\n<div style=\"height:9px\" aria-hidden=\"true\" class=\"wp-block-spacer\"><\/div>\n\n\n\n<h4 class=\"wp-block-heading\"><strong>3. Indications pour rejoindre les r\u00e9unions EEBT par JitsiMeet<\/strong><\/h4>\n\n\n\n<p>Voici comment participer en direct <strong>aux \u00e9tudes bibliques de l&rsquo;EEBT<\/strong> le mardi soir, et toute autre rencontre sur JitsiMeet : <\/p>\n\n\n\n<ul class=\"wp-block-list\">\n<li>Soit par <strong>ordinateur <\/strong>ou tablette ou smartphone :  <a rel=\"noreferrer noopener\" href=\"https:\/\/meet.jit.si\/EEBT-r\u00e9unions-en-ligne\" target=\"_blank\"><strong>https:\/\/meet.jit.si\/EEBT-r\u00e9unions-en-ligne<\/strong><\/a>\n<ul class=\"wp-block-list\">\n<li>(Remarque : vous n&rsquo;\u00eates pas oblig\u00e9s de t\u00e9l\u00e9charger l&rsquo;application, vous pouvez cliquer sur \u00ab\u00a0d\u00e9marrer dans l&rsquo;application web\u00a0\u00bb)<\/li>\n<\/ul>\n<\/li>\n<\/ul>\n\n\n\n<ul class=\"wp-block-list\">\n<li>Soit par <strong>t\u00e9l\u00e9phone <\/strong>: +41.61.588.0496 \/ puis le code : 1690243677#<\/li>\n<\/ul>\n\n\n\n<div style=\"height:0px\" aria-hidden=\"true\" class=\"wp-block-spacer\"><\/div>\n\n\n\n<div style=\"height:24px\" aria-hidden=\"true\" class=\"wp-block-spacer\"><\/div>\n\n\n\n<hr class=\"wp-block-separator has-css-opacity\"\/>\n\n\n\n<div style=\"height:9px\" aria-hidden=\"true\" class=\"wp-block-spacer\"><\/div>\n\n\n\n<h4 class=\"wp-block-heading\"><strong>4. Les programmes mensuels d\u00e9taill\u00e9s<\/strong><\/h4>\n\n\n\n<p>a) Vous pouvez consulter le planning plus d\u00e9taill\u00e9 en ligne en cliquant sur le lien ici : &nbsp;<strong><a href=\"https:\/\/docs.google.com\/spreadsheets\/d\/1YS4VUcIbjkIcVmgQhJGfL4LZ-e8qS7bb5Dsio0U_jx8\/edit#gid=0\" target=\"_blank\" rel=\"noreferrer noopener\">planning EEBT<\/a><\/strong> ou sur l&rsquo;image :<\/p>\n\n\n<div class=\"wp-block-image\">\n<figure class=\"aligncenter size-large is-resized\"><a href=\"https:\/\/docs.google.com\/spreadsheets\/d\/1YS4VUcIbjkIcVmgQhJGfL4LZ-e8qS7bb5Dsio0U_jx8\/edit#gid=0\" target=\"_blank\" rel=\"noopener\"><img loading=\"lazy\" decoding=\"async\" width=\"762\" height=\"239\" src=\"https:\/\/oratoiretramelan.ch\/wp-content\/uploads\/2020\/03\/agenda-768x512-1.jpg\" alt=\"\" class=\"wp-image-366\" style=\"aspect-ratio:3.2238805970149254;width:344px;height:auto\"\/><\/a><\/figure>\n<\/div>\n\n\n<div style=\"height:91px\" aria-hidden=\"true\" class=\"wp-block-spacer\"><\/div>\n\n\n\n<p>b) Vous pouvez aussi t\u00e9l\u00e9charger l&rsquo;Inf&rsquo;Oratoire du mois ici : <a href=\"https:\/\/drive.google.com\/drive\/folders\/1lFwqjOfw7GwBzoXGNb4jeWlwN5jPNCR9?usp=drive_link\" target=\"_blank\" rel=\"noreferrer noopener\"><strong>Inf&rsquo;Oratoire<\/strong><\/a><\/p>\n\n\n<div class=\"wp-block-image\">\n<figure class=\"aligncenter size-large is-resized\"><img loading=\"lazy\" decoding=\"async\" width=\"1024\" height=\"410\" src=\"https:\/\/oratoiretramelan.ch\/wp-content\/uploads\/2026\/03\/2019-10-13-13.41.07-Copie-1024x410.png\" alt=\"\" class=\"wp-image-3763\" style=\"aspect-ratio:2.497677011707861;width:295px;height:auto\" srcset=\"https:\/\/oratoiretramelan.ch\/wp-content\/uploads\/2026\/03\/2019-10-13-13.41.07-Copie-1024x410.png 1024w, https:\/\/oratoiretramelan.ch\/wp-content\/uploads\/2026\/03\/2019-10-13-13.41.07-Copie-300x120.png 300w, https:\/\/oratoiretramelan.ch\/wp-content\/uploads\/2026\/03\/2019-10-13-13.41.07-Copie-768x307.png 768w, https:\/\/oratoiretramelan.ch\/wp-content\/uploads\/2026\/03\/2019-10-13-13.41.07-Copie-1536x615.png 1536w, https:\/\/oratoiretramelan.ch\/wp-content\/uploads\/2026\/03\/2019-10-13-13.41.07-Copie-2048x820.png 2048w\" sizes=\"auto, (max-width: 1024px) 100vw, 1024px\" \/><\/figure>\n<\/div>\n\n\n<div style=\"height:109px\" aria-hidden=\"true\" class=\"wp-block-spacer\"><\/div>\n\n\n\n<hr class=\"wp-block-separator has-css-opacity\"\/>\n\n\n\n<div style=\"height:217px\" aria-hidden=\"true\" class=\"wp-block-spacer\"><\/div>\n\n\n\n<p><\/p>\n","protected":false},"excerpt":{"rendered":"<p>Vous pouvez t\u00e9l\u00e9charger l&rsquo;Inf&rsquo;Oratoire du mois ici : Inf&rsquo;Oratoire Vous trouverez aussi ci-dessous : 1. Agenda de l&rsquo;EEBT Vous pouvez choisir trois types d&rsquo;affichages : mois, semaine ou planning (en &hellip; <\/p>\n","protected":false},"author":1,"featured_media":366,"parent":0,"menu_order":0,"comment_status":"closed","ping_status":"closed","template":"","meta":{"footnotes":""},"class_list":["post-109","page","type-page","status-publish","has-post-thumbnail","hentry"],"_links":{"self":[{"href":"https:\/\/oratoiretramelan.ch\/index.php\/wp-json\/wp\/v2\/pages\/109","targetHints":{"allow":["GET"]}}],"collection":[{"href":"https:\/\/oratoiretramelan.ch\/index.php\/wp-json\/wp\/v2\/pages"}],"about":[{"href":"https:\/\/oratoiretramelan.ch\/index.php\/wp-json\/wp\/v2\/types\/page"}],"author":[{"embeddable":true,"href":"https:\/\/oratoiretramelan.ch\/index.php\/wp-json\/wp\/v2\/users\/1"}],"replies":[{"embeddable":true,"href":"https:\/\/oratoiretramelan.ch\/index.php\/wp-json\/wp\/v2\/comments?post=109"}],"version-history":[{"count":352,"href":"https:\/\/oratoiretramelan.ch\/index.php\/wp-json\/wp\/v2\/pages\/109\/revisions"}],"predecessor-version":[{"id":3819,"href":"https:\/\/oratoiretramelan.ch\/index.php\/wp-json\/wp\/v2\/pages\/109\/revisions\/3819"}],"wp:featuredmedia":[{"embeddable":true,"href":"https:\/\/oratoiretramelan.ch\/index.php\/wp-json\/wp\/v2\/media\/366"}],"wp:attachment":[{"href":"https:\/\/oratoiretramelan.ch\/index.php\/wp-json\/wp\/v2\/media?parent=109"}],"curies":[{"name":"wp","href":"https:\/\/api.w.org\/{rel}","templated":true}]}}