{"id":164,"date":"2020-03-22T13:20:11","date_gmt":"2020-03-22T12:20:11","guid":{"rendered":"https:\/\/tramelan.associationbaptiste.org\/?page_id=164"},"modified":"2022-10-05T18:49:16","modified_gmt":"2022-10-05T16:49:16","slug":"messages-video-et-cultes-en-ligne","status":"publish","type":"page","link":"https:\/\/oratoiretramelan.ch\/index.php\/messages-video-et-cultes-en-ligne\/","title":{"rendered":"Messages vid\u00e9o et cultes en ligne"},"content":{"rendered":"\n<div class=\"wp-block-columns is-layout-flex wp-container-core-columns-is-layout-9d6595d7 wp-block-columns-is-layout-flex\">\n<div class=\"wp-block-column is-layout-flow wp-block-column-is-layout-flow\" style=\"flex-basis:15%\"><\/div>\n\n\n\n<div class=\"wp-block-column is-layout-flow wp-block-column-is-layout-flow\" style=\"flex-basis:70%\">\n<p class=\"has-text-align-center\" style=\"font-size:18px\">Quelques cultes ont \u00e9t\u00e9 diffus\u00e9s au format vid\u00e9o, en particulier pendant la pand\u00e9mie. <\/p>\n\n\n\n<p class=\"has-text-align-center\" style=\"font-size:18px\">Mais en g\u00e9n\u00e9ral ils sont simplement mis en ligne au format audio ici :  <\/p>\n<\/div>\n\n\n\n<div class=\"wp-block-column is-layout-flow wp-block-column-is-layout-flow\" style=\"flex-basis:15%\"><\/div>\n<\/div>\n\n\n\n<div class=\"wp-block-columns is-layout-flex wp-container-core-columns-is-layout-9d6595d7 wp-block-columns-is-layout-flex\">\n<div class=\"wp-block-column is-layout-flow wp-block-column-is-layout-flow\" style=\"flex-basis:45%\"><div class=\"wp-block-image\">\n<figure class=\"alignright size-large is-resized\"><a href=\"https:\/\/oratoiretramelan.ch\/index.php\/messages-audio\/\"><img loading=\"lazy\" decoding=\"async\" src=\"https:\/\/oratoiretramelan.ch\/wp-content\/uploads\/2020\/03\/microphone.jpg\" alt=\"\" class=\"wp-image-352\" width=\"75\" height=\"78\"\/><\/a><\/figure>\n<\/div>\n\n\n<p class=\"has-text-align-right\"> <\/p>\n<\/div>\n\n\n\n<div class=\"wp-block-column is-layout-flow wp-block-column-is-layout-flow\" style=\"flex-basis:55%\">\n<div style=\"height:24px\" aria-hidden=\"true\" class=\"wp-block-spacer\"><\/div>\n\n\n\n<p style=\"font-size:25px\">\u00ab\u00a0<a href=\"https:\/\/oratoiretramelan.ch\/index.php\/messages-audio\/\"><strong>messages audio<\/strong><\/a>\u00a0\u00bb de l&rsquo;EEBT<\/p>\n<\/div>\n<\/div>\n\n\n\n<hr class=\"wp-block-separator has-css-opacity\"\/>\n\n\n\n<div class=\"wp-block-columns is-layout-flex wp-container-core-columns-is-layout-9d6595d7 wp-block-columns-is-layout-flex\">\n<div class=\"wp-block-column is-layout-flow wp-block-column-is-layout-flow\" style=\"flex-basis:45%\"><div class=\"wp-block-image\">\n<figure class=\"alignright size-large is-resized\"><a href=\"https:\/\/www.youtube.com\/channel\/UCaYWxtouySW3dpzyn-s5D6Q\/\" target=\"_blank\" rel=\"noopener noreferrer\"><img loading=\"lazy\" decoding=\"async\" src=\"https:\/\/oratoiretramelan.ch\/wp-content\/uploads\/2020\/05\/YouTube-logo.jpg\" alt=\"\" class=\"wp-image-897\" width=\"138\" height=\"70\"\/><\/a><\/figure>\n<\/div>\n\n\n<p class=\"has-text-align-right\"> <\/p>\n<\/div>\n\n\n\n<div class=\"wp-block-column is-layout-flow wp-block-column-is-layout-flow\" style=\"flex-basis:55%\">\n<p><strong>Bienvenue <\/strong>sur notre cha\u00eene : <a href=\"https:\/\/www.youtube.com\/channel\/UCaYWxtouySW3dpzyn-s5D6Q\/\" target=\"_blank\" rel=\"noreferrer noopener\"><strong>YouTube-EEBT<\/strong><\/a><\/p>\n\n\n\n<p>Merci de vous <strong>abonner <\/strong>\ud83d\ude42<\/p>\n<\/div>\n<\/div>\n\n\n\n<hr class=\"wp-block-separator has-css-opacity\"\/>\n\n\n\n<div class=\"wp-block-columns is-layout-flex wp-container-core-columns-is-layout-9d6595d7 wp-block-columns-is-layout-flex\">\n<div class=\"wp-block-column is-layout-flow wp-block-column-is-layout-flow\" style=\"flex-basis:45%\"><div class=\"wp-block-image\">\n<figure class=\"alignright size-large is-resized\"><a href=\"https:\/\/www.facebook.com\/EEBTramelan\/live\/\" target=\"_blank\" rel=\"noopener noreferrer\"><img loading=\"lazy\" decoding=\"async\" src=\"https:\/\/oratoiretramelan.ch\/wp-content\/uploads\/2020\/11\/logo-facebook-telechargement.png\" alt=\"\" class=\"wp-image-1397\" width=\"100\" height=\"109\"\/><\/a><\/figure>\n<\/div>\n\n\n<p class=\"has-text-align-right\"> <\/p>\n<\/div>\n\n\n\n<div class=\"wp-block-column is-layout-flow wp-block-column-is-layout-flow\" style=\"flex-basis:55%\">\n<p><strong>Retrouvez les <a rel=\"noreferrer noopener\" href=\"https:\/\/www.facebook.com\/EEBTramelan\/live\/\" target=\"_blank\">diffusions en direct de la page facebook de l&rsquo;EEBT<\/a><\/strong><\/p>\n\n\n\n<p class=\"has-text-align-left\">(accessibles m\u00eame sans avoir de compte facebook personnel)<\/p>\n<\/div>\n<\/div>\n\n\n\n<hr class=\"wp-block-separator has-css-opacity\"\/>\n\n\n\n<p class=\"has-text-align-center\" style=\"font-size:30px\"><strong>Cultes EEBT au format vid\u00e9o : <\/strong><\/p>\n\n\n\n<div style=\"height:31px\" aria-hidden=\"true\" class=\"wp-block-spacer\"><\/div>\n\n\n\n<div style=\"height:22px\" aria-hidden=\"true\" class=\"wp-block-spacer\"><\/div>\n\n\n\n<div class=\"wp-block-columns is-layout-flex wp-container-core-columns-is-layout-9d6595d7 wp-block-columns-is-layout-flex\">\n<div class=\"wp-block-column is-layout-flow wp-block-column-is-layout-flow\">\n<div style=\"height:200px !important;\">\n<iframe loading=\"lazy\" width=\"560\" height=\"200\" src=\"https:\/\/www.youtube.com\/embed\/6HfGOY3RutY?controls=0\" frameborder=\"0\" allow=\"accelerometer; autoplay; encrypted-media; gyroscope; picture-in-picture\" allowfullscreen=\"\"><\/iframe>\n<\/div>\n\n\n\n<p class=\"has-text-align-center\">2022-01-23 Culte en commun \u00e0 l&rsquo;Arm\u00e9e du Salut \u00e0 la fin de la semaine de l&rsquo;unit\u00e9 2022, \u00ab\u00a0Nous avons vu son \u00e9toile en Orient et nous sommes venus lui rendre hommage\u00a0\u00bb, Mt 2.1-12 (Pr\u00e9dication de Marie-No\u00eblle Yoder)<\/p>\n\n\n\n<div style=\"height:200px !important;\">\n<iframe loading=\"lazy\" width=\"560\" height=\"200\" src=\"https:\/\/www.youtube.com\/embed\/k_3LQtTA61s?controls=0\" frameborder=\"0\" allow=\"accelerometer; autoplay; encrypted-media; gyroscope; picture-in-picture\" allowfullscreen=\"\"><\/iframe>\n<\/div>\n\n\n\n<p class=\"has-text-align-center\">2021-07-18 Ton Dieu r\u00e8gne. (Esa\u00efe 52.7 \/ Ez\u00e9chiel 39.23-25 ) (Pr\u00e9dication de Jean-Claude Simonin)<\/p>\n\n\n\n<div style=\"height:200px !important;\">\n<iframe loading=\"lazy\" width=\"560\" height=\"200\" src=\"https:\/\/www.youtube.com\/embed\/ObC4RnlMdfU?controls=0\" frameborder=\"0\" allow=\"accelerometer; autoplay; encrypted-media; gyroscope; picture-in-picture\" allowfullscreen=\"\"><\/iframe>\n<\/div>\n\n\n\n<p class=\"has-text-align-center\">2021-07-11 Culte Arm\u00e9e du Salut Tramelan (Pr\u00e9dication de Pascal Donz\u00e9)<\/p>\n\n\n\n<div style=\"height:200px !important;\">\n<iframe loading=\"lazy\" width=\"560\" height=\"200\" src=\"https:\/\/www.youtube.com\/embed\/j-NMPCIsdGI?controls=0\" frameborder=\"0\" allow=\"accelerometer; autoplay; encrypted-media; gyroscope; picture-in-picture\" allowfullscreen=\"\"><\/iframe>\n<\/div>\n\n\n\n<p class=\"has-text-align-center\">2021-06-27\/ Marc 10.17-27 (Pr\u00e9dication de Claude-Henri Gobat)<\/p>\n\n\n\n<div style=\"height:200px !important;\">\n<iframe loading=\"lazy\" width=\"560\" height=\"200\" src=\"https:\/\/www.youtube.com\/embed\/zk4yXP3IdRE?controls=0\" frameborder=\"0\" allow=\"accelerometer; autoplay; encrypted-media; gyroscope; picture-in-picture\" allowfullscreen=\"\"><\/iframe>\n<\/div>\n\n\n\n<p class=\"has-text-align-center\">2021-06-20\/ Thomas, le disciple (Pr\u00e9dication de Arnaud Ristori)<\/p>\n\n\n\n<div style=\"height:200px !important;\">\n<iframe loading=\"lazy\" width=\"560\" height=\"200\" src=\"https:\/\/www.youtube.com\/embed\/2cmdzlAKmiM?controls=0\" frameborder=\"0\" allow=\"accelerometer; autoplay; encrypted-media; gyroscope; picture-in-picture\" allowfullscreen=\"\"><\/iframe>\n<\/div>\n\n\n\n<p class=\"has-text-align-center\">2021-06-13\/ Qu&rsquo;est-ce que tu vas faire ? ( Psaumes 27 ) (Pr\u00e9dication de Tom Voiblet)<\/p>\n\n\n\n<div style=\"height:200px !important;\">\n<iframe loading=\"lazy\" width=\"560\" height=\"200\" src=\"https:\/\/www.youtube.com\/embed\/TPxSp3vGu94?controls=0\" frameborder=\"0\" allow=\"accelerometer; autoplay; encrypted-media; gyroscope; picture-in-picture\" allowfullscreen=\"\"><\/iframe>\n<\/div>\n\n\n\n<p class=\"has-text-align-center\">2021-06-06\/ Victoire sur la mort. (1Corinthiens 15.20-28) (Pr\u00e9dication de C\u00e9dric Jung)<\/p>\n\n\n\n<div style=\"height:200px !important;\">\n<iframe loading=\"lazy\" width=\"560\" height=\"200\" src=\"https:\/\/www.youtube.com\/embed\/9bngcbQI-v0?controls=0\" frameborder=\"0\" allow=\"accelerometer; autoplay; encrypted-media; gyroscope; picture-in-picture\" allowfullscreen=\"\"><\/iframe>\n<\/div>\n\n\n\n<p class=\"has-text-align-center\">2021-05-30 \/ Effusion de l&rsquo;Esprit d\u00e9j\u00e0 annonc\u00e9e dans l&rsquo;AT (Jo\u00ebl 1,2,3) (Pr\u00e9dication de Coco Mbemba)<\/p>\n\n\n\n<div style=\"height:200px !important;\">\n<iframe loading=\"lazy\" width=\"560\" height=\"200\" src=\"https:\/\/www.youtube.com\/embed\/wPtncVA9PwA?controls=0\" frameborder=\"0\" allow=\"accelerometer; autoplay; encrypted-media; gyroscope; picture-in-picture\" allowfullscreen=\"\"><\/iframe>\n<\/div>\n\n\n\n<p class=\"has-text-align-center\">2021-05-23 \/ Culte de Pentec\u00f4te. Le Saint-Esprit au travers des \u00e2ges. (Pr\u00e9dication de Jean-Claude Simonin)<\/p>\n\n\n\n<div style=\"height:200px !important;\">\n<iframe loading=\"lazy\" width=\"560\" height=\"200\" src=\"https:\/\/www.youtube.com\/embed\/Ib3xbjmZloA?controls=0\" frameborder=\"0\" allow=\"accelerometer; autoplay; encrypted-media; gyroscope; picture-in-picture\" allowfullscreen=\"\"><\/iframe>\n<\/div>\n\n\n\n<p class=\"has-text-align-center\">2021-05-16 \/ Matthieu 25.31-46 (Pr\u00e9dication de Daniel Molla)<\/p>\n\n\n\n<div style=\"height:200px !important;\">\n<iframe loading=\"lazy\" width=\"560\" height=\"200\" src=\"https:\/\/www.youtube.com\/embed\/HQ2UMiwRuSs?controls=0\" frameborder=\"0\" allow=\"accelerometer; autoplay; encrypted-media; gyroscope; picture-in-picture\" allowfullscreen=\"\"><\/iframe>\n<\/div>\n\n\n\n<p class=\"has-text-align-center\">2021-05-09 \/ 1 Corinthiens 15.1-11 (Pr\u00e9dication de Marc Schoeni)<\/p>\n\n\n\n<div style=\"height:200px !important;\">\n<iframe loading=\"lazy\" width=\"560\" height=\"200\" src=\"https:\/\/www.youtube.com\/embed\/v70DGIndx1E?controls=0\" frameborder=\"0\" allow=\"accelerometer; autoplay; encrypted-media; gyroscope; picture-in-picture\" allowfullscreen=\"\"><\/iframe>\n<\/div>\n\n\n\n<p class=\"has-text-align-center\">2021-05-02\/ Mathieu 20. 13-14 (Pr\u00e9dication de Fabrice Klopfenstein)<\/p>\n<\/div>\n\n\n\n<div class=\"wp-block-column is-layout-flow wp-block-column-is-layout-flow\"><\/div>\n<\/div>\n\n\n\n<p><\/p>\n\n\n\n<div class=\"wp-block-columns is-layout-flex wp-container-core-columns-is-layout-9d6595d7 wp-block-columns-is-layout-flex\">\n<div class=\"wp-block-column is-layout-flow wp-block-column-is-layout-flow\">\n<div style=\"height:200px !important;\">\n<iframe loading=\"lazy\" width=\"560\" height=\"200\" src=\"https:\/\/www.youtube.com\/embed\/naOrBXcvKXc?controls=0\" frameborder=\"0\" allow=\"accelerometer; autoplay; encrypted-media; gyroscope; picture-in-picture\" allowfullscreen=\"\"><\/iframe>\n<\/div>\n\n\n\n<p class=\"has-text-align-center\">2021-04-25 \/ Actes 2.14-42 (Pr\u00e9dication de Tom Voiblet)<\/p>\n<\/div>\n\n\n\n<div class=\"wp-block-column is-layout-flow wp-block-column-is-layout-flow\">\n<div style=\"height:200px !important;\">\n<iframe loading=\"lazy\" width=\"560\" height=\"200\" src=\"https:\/\/www.youtube.com\/embed\/UL8lJi1qW38?controls=0\" frameborder=\"0\" allow=\"accelerometer; autoplay; encrypted-media; gyroscope; picture-in-picture\" allowfullscreen=\"\"><\/iframe>\n<\/div>\n\n\n\n<p class=\"has-text-align-center\">2021-04-18 \/ Jean-12-01-11 (Pr\u00e9dication d&rsquo;Etienne Grosrenaud)<\/p>\n<\/div>\n<\/div>\n\n\n\n<div class=\"wp-block-columns is-layout-flex wp-container-core-columns-is-layout-9d6595d7 wp-block-columns-is-layout-flex\">\n<div class=\"wp-block-column is-layout-flow wp-block-column-is-layout-flow\">\n<div style=\"height:200px !important;\">\n<iframe loading=\"lazy\" width=\"560\" height=\"200\" src=\"https:\/\/www.youtube.com\/embed\/uF8qXyAUGZk?controls=0\" frameborder=\"0\" allow=\"accelerometer; autoplay; encrypted-media; gyroscope; picture-in-picture\" allowfullscreen=\"\"><\/iframe>\n<\/div>\n\n\n\n<p class=\"has-text-align-center\">2021-04-04 \/ Marc 16.2, Culte de P\u00e2ques (Pr\u00e9dication de Marc-\u00c9tienne Peter)<\/p>\n<\/div>\n\n\n\n<div class=\"wp-block-column is-layout-flow wp-block-column-is-layout-flow\">\n<div style=\"height:200px !important;\">\n<iframe loading=\"lazy\" width=\"560\" height=\"200\" src=\"https:\/\/www.youtube.com\/embed\/ubAtPGh7Tqk?controls=0\" frameborder=\"0\" allow=\"accelerometer; autoplay; encrypted-media; gyroscope; picture-in-picture\" allowfullscreen=\"\"><\/iframe>\n<\/div>\n\n\n\n<p class=\"has-text-align-center\">2021-03-28 \/ 2 Co 8.9, Phil 2.5-11, (Pr\u00e9dication de Pierre Perrot)<\/p>\n<\/div>\n<\/div>\n\n\n\n<div class=\"wp-block-columns is-layout-flex wp-container-core-columns-is-layout-9d6595d7 wp-block-columns-is-layout-flex\">\n<div class=\"wp-block-column is-layout-flow wp-block-column-is-layout-flow\">\n<div style=\"height:200px !important;\">\n<iframe loading=\"lazy\" width=\"560\" height=\"200\" src=\"https:\/\/www.youtube.com\/embed\/MUpPWZonrfg?controls=0\" frameborder=\"0\" allow=\"accelerometer; autoplay; encrypted-media; gyroscope; picture-in-picture\" allowfullscreen=\"\"><\/iframe>\n<\/div>\n\n\n\n<p class=\"has-text-align-center\">2021-03-21 \/ La pri\u00e8re et le je\u00fbne dans le livre des Actes des Ap\u00f4tres, (Pr\u00e9dication de \u00c9tienne Grosrenaud)<\/p>\n<\/div>\n\n\n\n<div class=\"wp-block-column is-layout-flow wp-block-column-is-layout-flow\">\n<div style=\"height:200px !important;\">\n<iframe loading=\"lazy\" width=\"560\" height=\"200\" src=\"https:\/\/www.youtube.com\/embed\/AlovfLb0U8g?controls=0\" frameborder=\"0\" allow=\"accelerometer; autoplay; encrypted-media; gyroscope; picture-in-picture\" allowfullscreen=\"\"><\/iframe>\n<\/div>\n\n\n\n<p class=\"has-text-align-center\">2021-03-14 \/ 1 Pierre, Aimer, Rejeter, D\u00e9sirer &#8211; (Pr\u00e9dication de Jonathan Savry)<\/p>\n<\/div>\n<\/div>\n\n\n\n<div class=\"wp-block-columns is-layout-flex wp-container-core-columns-is-layout-9d6595d7 wp-block-columns-is-layout-flex\">\n<div class=\"wp-block-column is-layout-flow wp-block-column-is-layout-flow\">\n<div style=\"height:200px !important;\">\n<iframe loading=\"lazy\" width=\"560\" height=\"200\" src=\"https:\/\/www.youtube.com\/embed\/u2cS5_8ANVQ?controls=0\" frameborder=\"0\" allow=\"accelerometer; autoplay; encrypted-media; gyroscope; picture-in-picture\" allowfullscreen=\"\"><\/iframe>\n<\/div>\n\n\n\n<p class=\"has-text-align-center\">2021-03-07 \/ 5 rencontres avec J\u00e9sus, (Pr\u00e9dication de Daniel Knuchel)<\/p>\n<\/div>\n\n\n\n<div class=\"wp-block-column is-layout-flow wp-block-column-is-layout-flow\">\n<div style=\"height:200px !important;\">\n<iframe loading=\"lazy\" width=\"560\" height=\"200\" src=\"https:\/\/www.youtube.com\/embed\/R4ayDE2oyjk?controls=0\" frameborder=\"0\" allow=\"accelerometer; autoplay; encrypted-media; gyroscope; picture-in-picture\" allowfullscreen=\"\"><\/iframe>\n<\/div>\n\n\n\n<p class=\"has-text-align-center\">2021-02-28 \/ 1 Pierre 1, (Pr\u00e9dication de Matthias Radloff)<\/p>\n<\/div>\n<\/div>\n\n\n\n<div class=\"wp-block-columns is-layout-flex wp-container-core-columns-is-layout-9d6595d7 wp-block-columns-is-layout-flex\">\n<div class=\"wp-block-column is-layout-flow wp-block-column-is-layout-flow\">\n<div style=\"height:200px !important;\">\n<iframe loading=\"lazy\" width=\"560\" height=\"200\" src=\"https:\/\/www.youtube.com\/embed\/3C1VD7pxSo0?controls=0\" frameborder=\"0\" allow=\"accelerometer; autoplay; encrypted-media; gyroscope; picture-in-picture\" allowfullscreen=\"\"><\/iframe>\n<\/div>\n\n\n\n<p class=\"has-text-align-center\">2021-02-21 \/ 2 Sam 13 \u00ab\u00a0P\u00e9riode douloureuse de David\u00a0\u00bb (3e partie \/ voir parties 1 et 2 dans les enr audios), Pr\u00e9dication de Daniel Molla<\/p>\n<\/div>\n\n\n\n<div class=\"wp-block-column is-layout-flow wp-block-column-is-layout-flow\">\n<div style=\"height:200px !important;\">\n<iframe loading=\"lazy\" width=\"560\" height=\"200\" src=\"https:\/\/www.youtube.com\/embed\/207Ivd2afd0?controls=0\" frameborder=\"0\" allow=\"accelerometer; autoplay; encrypted-media; gyroscope; picture-in-picture\" allowfullscreen=\"\"><\/iframe>\n<\/div>\n\n\n\n<p class=\"has-text-align-center\">2021-02-14 \/ Jonas 4 \u00ab\u00a0Une gr\u00e2ce si merveilleuse, difficile \u00e0 accepter\u00a0\u00bb, (Pr\u00e9dication de \u00c9tienne Grosrenaud)<\/p>\n<\/div>\n<\/div>\n\n\n\n<div class=\"wp-block-columns is-layout-flex wp-container-core-columns-is-layout-9d6595d7 wp-block-columns-is-layout-flex\">\n<div class=\"wp-block-column is-layout-flow wp-block-column-is-layout-flow\">\n<div style=\"height:200px !important;\">\n<iframe loading=\"lazy\" width=\"560\" height=\"200\" src=\"https:\/\/www.youtube.com\/embed\/e695tPnUQd0?controls=0\" frameborder=\"0\" allow=\"accelerometer; autoplay; encrypted-media; gyroscope; picture-in-picture\" allowfullscreen=\"\"><\/iframe>\n<\/div>\n\n\n\n<p>2021-02-07 \/ Phil 1.3-11, dimanche de l&rsquo;association, (Pr\u00e9dication de Daniel Salzmann)<\/p>\n<\/div>\n\n\n\n<div class=\"wp-block-column is-layout-flow wp-block-column-is-layout-flow\">\n<div style=\"height:200px !important;\">\n<iframe loading=\"lazy\" width=\"560\" height=\"200\" src=\"https:\/\/www.youtube.com\/embed\/2W_VdVWl6TQ?controls=0\" frameborder=\"0\" allow=\"accelerometer; autoplay; encrypted-media; gyroscope; picture-in-picture\" allowfullscreen=\"\"><\/iframe>\n<\/div>\n\n\n\n<p class=\"has-text-align-center\">2021-01-31 \/ 1 Co 9.19- \u00ab\u00a0S&rsquo;adapter, oui mais pour un but\u00a0\u00bb, (Pr\u00e9dication de C\u00e9dric Jung)<\/p>\n<\/div>\n<\/div>\n\n\n\n<div class=\"wp-block-columns is-layout-flex wp-container-core-columns-is-layout-9d6595d7 wp-block-columns-is-layout-flex\">\n<div class=\"wp-block-column is-layout-flow wp-block-column-is-layout-flow\">\n<div style=\"height:200px !important;\">\n<iframe loading=\"lazy\" width=\"560\" height=\"200\" src=\"https:\/\/www.youtube.com\/embed\/pBDC1KE0m5w?controls=0\" frameborder=\"0\" allow=\"accelerometer; autoplay; encrypted-media; gyroscope; picture-in-picture\" allowfullscreen=\"\"><\/iframe>\n<\/div>\n\n\n\n<p>2021-01-24 \/ c\u00e9l\u00e9bration inter-\u00c9glises lors de la semaine de l&rsquo;unit\u00e9 \u00e0 Tramelan \/ Pr\u00e9dication Jn 15 (\u00c9tienne Grosrenaud)<\/p>\n<\/div>\n\n\n\n<div class=\"wp-block-column is-layout-flow wp-block-column-is-layout-flow\">\n<div style=\"height:200px !important;\">\n<iframe loading=\"lazy\" width=\"560\" height=\"200\" src=\"https:\/\/www.youtube.com\/embed\/wdWhnRnZa5k?controls=0\" frameborder=\"0\" allow=\"accelerometer; autoplay; encrypted-media; gyroscope; picture-in-picture\" allowfullscreen=\"\"><\/iframe>\n<\/div>\n\n\n\n<p class=\"has-text-align-center\">2021-01-17 \/ culte mission avec la MET<\/p>\n<\/div>\n<\/div>\n\n\n\n<div class=\"wp-block-columns is-layout-flex wp-container-core-columns-is-layout-9d6595d7 wp-block-columns-is-layout-flex\">\n<div class=\"wp-block-column is-layout-flow wp-block-column-is-layout-flow\">\n<div style=\"height:200px !important;\">\n<iframe loading=\"lazy\" width=\"560\" height=\"200\" src=\"https:\/\/www.youtube.com\/embed\/-uWso-kY2xY?controls=0\" frameborder=\"0\" allow=\"accelerometer; autoplay; encrypted-media; gyroscope; picture-in-picture\" allowfullscreen=\"\"><\/iframe>\n<\/div>\n\n\n\n<p class=\"has-text-align-center\">2021-01-10 \/ \u00ab\u00a0Un encouragement \u00e0 rechercher le temple in\u00e9branlable\u00a0\u00bb, (Pr\u00e9dication de Coco Memba)<\/p>\n<\/div>\n\n\n\n<div class=\"wp-block-column is-layout-flow wp-block-column-is-layout-flow\">\n<div style=\"height:200px !important;\">\n<iframe loading=\"lazy\" width=\"560\" height=\"200\" src=\"https:\/\/www.youtube.com\/embed\/p9vUiuDv05Q?controls=0\" frameborder=\"0\" allow=\"accelerometer; autoplay; encrypted-media; gyroscope; picture-in-picture\" allowfullscreen=\"\"><\/iframe>\n<\/div>\n\n\n\n<p class=\"has-text-align-center\">2021-01-03 \/ 2 Tim 4.6-8, (Pr\u00e9dication de Roy Harrison)<\/p>\n<\/div>\n<\/div>\n\n\n\n<div class=\"wp-block-columns is-layout-flex wp-container-core-columns-is-layout-9d6595d7 wp-block-columns-is-layout-flex\">\n<div class=\"wp-block-column is-layout-flow wp-block-column-is-layout-flow\">\n<div style=\"height:200px !important;\">\n<iframe loading=\"lazy\" width=\"560\" height=\"200\" src=\"https:\/\/www.youtube.com\/embed\/ftzp9y7RRK8?controls=0\" frameborder=\"0\" allow=\"accelerometer; autoplay; encrypted-media; gyroscope; picture-in-picture\" allowfullscreen=\"\"><\/iframe>\n<\/div>\n\n\n\n<p class=\"has-text-align-center\">2020-12-27 \/ Culte en commun Tramelan-Bienne, \u00ab\u00a0La souverainet\u00e9 de Dieu\u00a0\u00bb, (Pr\u00e9dication de Jonathan Savry)<\/p>\n<\/div>\n\n\n\n<div class=\"wp-block-column is-layout-flow wp-block-column-is-layout-flow\">\n<div style=\"height:200px !important;\">\n<iframe loading=\"lazy\" width=\"560\" height=\"200\" src=\"https:\/\/www.youtube.com\/embed\/aR34a8w_2l0?controls=0\" frameborder=\"0\" allow=\"accelerometer; autoplay; encrypted-media; gyroscope; picture-in-picture\" allowfullscreen=\"\"><\/iframe>\n<\/div>\n\n\n\n<p class=\"has-text-align-center\">2020-12-25 \/ No\u00ebl 2020 de l&rsquo;Oratoire par vid\u00e9o<\/p>\n<\/div>\n<\/div>\n\n\n\n<div class=\"wp-block-columns is-layout-flex wp-container-core-columns-is-layout-9d6595d7 wp-block-columns-is-layout-flex\">\n<div class=\"wp-block-column is-layout-flow wp-block-column-is-layout-flow\">\n<div style=\"height:200px !important;\">\n<iframe loading=\"lazy\" width=\"560\" height=\"200\" src=\"https:\/\/www.youtube.com\/embed\/iuaj-Fzjr04?controls=0\" frameborder=\"0\" allow=\"accelerometer; autoplay; encrypted-media; gyroscope; picture-in-picture\" allowfullscreen=\"\"><\/iframe>\n<\/div>\n\n\n\n<p>2020-12-20 \/ Esa\u00efe 9 \u00e0 la lumi\u00e8re des \u00e9vangiles, (Pr\u00e9dication de Daniel Molla)<\/p>\n<\/div>\n\n\n\n<div class=\"wp-block-column is-layout-flow wp-block-column-is-layout-flow\">\n<div style=\"height:200px !important;\">\n<iframe loading=\"lazy\" width=\"560\" height=\"200\" src=\"https:\/\/www.youtube.com\/embed\/S1EI2n3R-uY?controls=0\" frameborder=\"0\" allow=\"accelerometer; autoplay; encrypted-media; gyroscope; picture-in-picture\" allowfullscreen=\"\"><\/iframe>\n<\/div>\n\n\n\n<p class=\"has-text-align-center\">2020-12-13 \/ No\u00ebl et Avent, \u00ab\u00a0Dieu tient ses promesses\u00a0\u00bb, (Pr\u00e9dication de \u00c9tienne Grosrenaud)<\/p>\n<\/div>\n<\/div>\n\n\n\n<div class=\"wp-block-columns is-layout-flex wp-container-core-columns-is-layout-9d6595d7 wp-block-columns-is-layout-flex\">\n<div class=\"wp-block-column is-layout-flow wp-block-column-is-layout-flow\">\n<div style=\"height:200px !important;\">\n<iframe loading=\"lazy\" width=\"560\" height=\"200\" src=\"https:\/\/www.youtube.com\/embed\/Y8V_4htEMCE?controls=0\" frameborder=\"0\" allow=\"accelerometer; autoplay; encrypted-media; gyroscope; picture-in-picture\" allowfullscreen=\"\"><\/iframe>\n<\/div>\n\n\n\n<p class=\"has-text-align-center\">2020-12-06 \/ Deut\u00e9ronome 8, \u00ab\u00a0Que pouvons-nous apprendre dans l&rsquo;\u00e9preuve\u00a0\u00bb (Pr\u00e9dication de Claude-Henri Gobat)<\/p>\n<\/div>\n\n\n\n<div class=\"wp-block-column is-layout-flow wp-block-column-is-layout-flow\">\n<div style=\"height:200px !important;\">\n<iframe loading=\"lazy\" width=\"560\" height=\"200\" src=\"https:\/\/www.youtube.com\/embed\/UEccDUP2dns?controls=0\" frameborder=\"0\" allow=\"accelerometer; autoplay; encrypted-media; gyroscope; picture-in-picture\" allowfullscreen=\"\"><\/iframe>\n<\/div>\n\n\n\n<p class=\"has-text-align-center\">2020-11-29 \/  1 et 2 Timoth\u00e9e, \u00ab\u00a0Souviens-toi de J\u00e9sus-Christ\u00a0\u00bb &#8211; 1er dimanche de l&rsquo;Avent (Pr\u00e9dication de Pierre Perrot)<\/p>\n<\/div>\n<\/div>\n\n\n\n<div class=\"wp-block-columns is-layout-flex wp-container-core-columns-is-layout-9d6595d7 wp-block-columns-is-layout-flex\">\n<div class=\"wp-block-column is-layout-flow wp-block-column-is-layout-flow\">\n<div style=\"height:200px !important;\">\n<iframe loading=\"lazy\" width=\"560\" height=\"200\" src=\"https:\/\/www.youtube.com\/embed\/SVgog90PRBY?controls=0\" frameborder=\"0\" allow=\"accelerometer; autoplay; encrypted-media; gyroscope; picture-in-picture\" allowfullscreen=\"\"><\/iframe>\n<\/div>\n\n\n\n<p>2020-11-22 \/ Culte en commun (Bienne, Court, Moutier, Tramelan), Act 1, \u00ab\u00a0Envoy\u00e9s, \u00e9quip\u00e9s, accompagn\u00e9s\u00a0\u00bb (pr\u00e9dication de \u00c9tienne Grosrenaud)<\/p>\n<\/div>\n\n\n\n<div class=\"wp-block-column is-layout-flow wp-block-column-is-layout-flow\">\n<div style=\"height:200px !important;\">\n<iframe loading=\"lazy\" width=\"560\" height=\"200\" src=\"https:\/\/www.youtube.com\/embed\/edVd3fQHo4Y?controls=0\" frameborder=\"0\" allow=\"accelerometer; autoplay; encrypted-media; gyroscope; picture-in-picture\" allowfullscreen=\"\"><\/iframe>\n<\/div>\n\n\n\n<p class=\"has-text-align-center\">2020-11-15 \/ 2 Pierre, \u00ab\u00a0Disciples, \u00e9trangers et voyageurs sur cette terre\u00a0\u00bb (pr\u00e9dication de Tom Voiblet)<\/p>\n<\/div>\n<\/div>\n\n\n\n<div class=\"wp-block-columns is-layout-flex wp-container-core-columns-is-layout-9d6595d7 wp-block-columns-is-layout-flex\">\n<div class=\"wp-block-column is-layout-flow wp-block-column-is-layout-flow\">\n<div style=\"height:200px !important;\">\n<iframe loading=\"lazy\" width=\"560\" height=\"200\" src=\"https:\/\/www.youtube.com\/embed\/3TmqbiF_ZTI?controls=0\" frameborder=\"0\" allow=\"accelerometer; autoplay; encrypted-media; gyroscope; picture-in-picture\" allowfullscreen=\"\"><\/iframe>\n<\/div>\n\n\n\n<p class=\"has-text-align-center\">2020-11-01 \/ \u00ab\u00a0La repentance\u00a0\u00bb, avec Isabelle Vuilleumier, et Daniel Molla pour la pr\u00e9dication : 2 Sam 12<\/p>\n<\/div>\n\n\n\n<div class=\"wp-block-column is-layout-flow wp-block-column-is-layout-flow\">\n<div style=\"height:200px !important;\">\n<iframe loading=\"lazy\" width=\"560\" height=\"200\" src=\"https:\/\/www.youtube.com\/embed\/3xfVKGyMmZs?controls=0\" frameborder=\"0\" allow=\"accelerometer; autoplay; encrypted-media; gyroscope; picture-in-picture\" allowfullscreen=\"\"><\/iframe>\n<\/div>\n\n\n\n<p class=\"has-text-align-center\">2020-10-25 \/ Jonas 3, \u00ab\u00a0Dieu est patient et tout-puissant, entendons l&rsquo;appel \u00e0 la repentance\u00a0\u00bb (pr\u00e9dication de \u00c9tienne Grosrenaud)<\/p>\n<\/div>\n<\/div>\n\n\n\n<div class=\"wp-block-columns is-layout-flex wp-container-core-columns-is-layout-9d6595d7 wp-block-columns-is-layout-flex\">\n<div class=\"wp-block-column is-layout-flow wp-block-column-is-layout-flow\">\n<div style=\"height:200px !important;\">\n<iframe loading=\"lazy\" width=\"560\" height=\"200\" src=\"https:\/\/www.youtube.com\/embed\/DFudiZIlmSk?controls=0\" frameborder=\"0\" allow=\"accelerometer; autoplay; encrypted-media; gyroscope; picture-in-picture\" allowfullscreen=\"\"><\/iframe>\n<\/div>\n\n\n\n<p>2020-07-19 \/ Gal 6 \u00ab\u00a0ne nous lassons pas de faire le bien\u00a0\u00bb (pr\u00e9dication de \u00c9tienne Grosrenaud)<\/p>\n<\/div>\n\n\n\n<div class=\"wp-block-column is-layout-flow wp-block-column-is-layout-flow\">\n<div style=\"height:200px !important;\">\n<iframe loading=\"lazy\" width=\"560\" height=\"200\" src=\"https:\/\/www.youtube.com\/embed\/6rxDgTf-xX8?controls=0\" frameborder=\"0\" allow=\"accelerometer; autoplay; encrypted-media; gyroscope; picture-in-picture\" allowfullscreen=\"\"><\/iframe>\n<\/div>\n\n\n\n<p class=\"has-text-align-center\">2020-09-06 \/ Journ\u00e9e r\u00e9gionale \u00ab\u00a0la foi au gr\u00e9 des saisons\u00a0\u00bb (pr\u00e9dication de Alain Marionnet)<\/p>\n<\/div>\n<\/div>\n\n\n\n<div class=\"wp-block-columns is-layout-flex wp-container-core-columns-is-layout-9d6595d7 wp-block-columns-is-layout-flex\">\n<div class=\"wp-block-column is-layout-flow wp-block-column-is-layout-flow\">\n<div style=\"height:24px\" aria-hidden=\"true\" class=\"wp-block-spacer\"><\/div>\n\n\n<div class=\"wp-block-image\">\n<figure class=\"aligncenter size-large is-resized\"><a href=\"https:\/\/www.youtube.com\/channel\/UCsWK2iMIbfQ2cdzy3-poksA\" target=\"_blank\" rel=\"noopener noreferrer\"><img loading=\"lazy\" decoding=\"async\" src=\"https:\/\/oratoiretramelan.ch\/wp-content\/uploads\/2020\/09\/Past-Ev-Tram.png\" alt=\"\" class=\"wp-image-1198\" width=\"509\" height=\"185\"\/><\/a><\/figure>\n<\/div>\n\n\n<p class=\"has-text-align-center\"><strong>Du 12 juillet au 9 ao\u00fbt 2020 :<\/strong><\/p>\n\n\n\n<p class=\"has-text-align-center\"><a rel=\"noreferrer noopener\" href=\"https:\/\/www.youtube.com\/channel\/UCsWK2iMIbfQ2cdzy3-poksA\" target=\"_blank\"><strong>Cultes en commun sur la chaine YouTube de la pastorale de Tramelan<\/strong><\/a><\/p>\n\n\n\n<div style=\"height:28px\" aria-hidden=\"true\" class=\"wp-block-spacer\"><\/div>\n<\/div>\n<\/div>\n\n\n\n<div class=\"wp-block-columns is-layout-flex wp-container-core-columns-is-layout-9d6595d7 wp-block-columns-is-layout-flex\">\n<div class=\"wp-block-column is-layout-flow wp-block-column-is-layout-flow\">\n<div style=\"height:200px !important;\">\n<iframe loading=\"lazy\" width=\"560\" height=\"200\" src=\"https:\/\/www.youtube.com\/embed\/DFudiZIlmSk?controls=0\" frameborder=\"0\" allow=\"accelerometer; autoplay; encrypted-media; gyroscope; picture-in-picture\" allowfullscreen=\"\"><\/iframe>\n<\/div>\n\n\n\n<p class=\"has-text-align-center\">2020-07-19 \/ Gal 6 \u00ab\u00a0ne nous lassons pas de faire le bien\u00a0\u00bb (pr\u00e9dication de \u00c9tienne Grosrenaud)<\/p>\n<\/div>\n\n\n\n<div class=\"wp-block-column is-layout-flow wp-block-column-is-layout-flow\">\n<div style=\"height:200px !important;\">\n<iframe loading=\"lazy\" width=\"560\" height=\"200\" src=\"https:\/\/www.youtube.com\/embed\/kesRyb5bnvE?controls=0\" frameborder=\"0\" allow=\"accelerometer; autoplay; encrypted-media; gyroscope; picture-in-picture\" allowfullscreen=\"\"><\/iframe>\n<\/div>\n\n\n\n<p class=\"has-text-align-center\">2020-06-21 \/ Solidarit\u00e9 et oeuvre parfaite de J\u00e9sus-Christ, (pr\u00e9dication de Jean-Claude Simonin)<\/p>\n<\/div>\n<\/div>\n\n\n\n<div class=\"wp-block-columns is-layout-flex wp-container-core-columns-is-layout-9d6595d7 wp-block-columns-is-layout-flex\">\n<div class=\"wp-block-column is-layout-flow wp-block-column-is-layout-flow\">\n<div style=\"height:200px !important;\">\n<iframe loading=\"lazy\" width=\"560\" height=\"200\" src=\"https:\/\/www.youtube.com\/embed\/dsKjxdvGkp8?controls=0\" frameborder=\"0\" allow=\"accelerometer; autoplay; encrypted-media; gyroscope; picture-in-picture\" allowfullscreen=\"\"><\/iframe>\n<\/div>\n\n\n\n<p class=\"has-text-align-center\">2020-06-14 \/ Jonas 2, Dieu est un refuge en tout temps (pr\u00e9dication de \u00c9tienne Grosrenaud)<\/p>\n<\/div>\n\n\n\n<div class=\"wp-block-column is-layout-flow wp-block-column-is-layout-flow\">\n<div style=\"height:200px !important;\">\n<iframe loading=\"lazy\" width=\"560\" height=\"200\" src=\"https:\/\/www.youtube.com\/embed\/5UGRnFMjT4w?controls=0\" frameborder=\"0\" allow=\"accelerometer; autoplay; encrypted-media; gyroscope; picture-in-picture\" allowfullscreen=\"\"><\/iframe>\n<\/div>\n\n\n\n<p class=\"has-text-align-center\">2020-06-07 \/ Romains 8 (pr\u00e9dication de Marc Sch\u00f6ni)<\/p>\n<\/div>\n<\/div>\n\n\n\n<div class=\"wp-block-columns is-layout-flex wp-container-core-columns-is-layout-9d6595d7 wp-block-columns-is-layout-flex\">\n<div class=\"wp-block-column is-layout-flow wp-block-column-is-layout-flow\">\n<div style=\"height:200px !important;\">\n<iframe loading=\"lazy\" width=\"560\" height=\"200\" src=\"https:\/\/www.youtube.com\/embed\/VTUX-3J2UQE?controls=0\" frameborder=\"0\" allow=\"accelerometer; autoplay; encrypted-media; gyroscope; picture-in-picture\" allowfullscreen=\"\"><\/iframe>\n<\/div>\n\n\n\n<p class=\"has-text-align-center\">2020-05-31 \/ Culte de Pentec\u00f4te (pr\u00e9dication de Fabrice Klopfenstein)<\/p>\n<\/div>\n\n\n\n<div class=\"wp-block-column is-layout-flow wp-block-column-is-layout-flow\">\n<div style=\"height:200px !important;\">\n<iframe loading=\"lazy\" width=\"560\" height=\"200\" src=\"https:\/\/www.youtube.com\/embed\/zWTmq832N3A?controls=0\" frameborder=\"0\" allow=\"accelerometer; autoplay; encrypted-media; gyroscope; picture-in-picture\" allowfullscreen=\"\"><\/iframe>\n<\/div>\n\n\n\n<p class=\"has-text-align-center\">  2020-05-24 \/ \u00ab\u00a0Le retour de J\u00e9sus-Christ (2)\u00a0\u00bb (Daniel Molla)  \/  Et une interview avec Don Grigg<\/p>\n<\/div>\n<\/div>\n\n\n\n<div style=\"height:20px\" aria-hidden=\"true\" class=\"wp-block-spacer\"><\/div>\n\n\n\n<div class=\"wp-block-columns is-layout-flex wp-container-core-columns-is-layout-9d6595d7 wp-block-columns-is-layout-flex\">\n<div class=\"wp-block-column is-layout-flow wp-block-column-is-layout-flow\">\n<div style=\"height:200px !important;\">\n<iframe loading=\"lazy\" width=\"560\" height=\"200\" src=\"https:\/\/www.youtube.com\/embed\/7eC_yKJjFdQ?controls=0\" frameborder=\"0\" allow=\"accelerometer; autoplay; encrypted-media; gyroscope; picture-in-picture\" allowfullscreen=\"\"><\/iframe>\n<\/div>\n\n\n\n<p class=\"has-text-align-center\">  2020-05-17 \/ \u00ab\u00a0Plus de Gr\u00e2ce\u00a0\u00bb (C\u00e9dric Jung)    <\/p>\n<\/div>\n\n\n\n<div class=\"wp-block-column is-layout-flow wp-block-column-is-layout-flow\">\n<div style=\"height:200px !important;\">\n<iframe loading=\"lazy\" width=\"560\" height=\"200\" src=\"https:\/\/www.youtube.com\/embed\/RsXVsCM8BAw?controls=0\" frameborder=\"0\" allow=\"accelerometer; autoplay; encrypted-media; gyroscope; picture-in-picture\" allowfullscreen=\"\"><\/iframe>\n<\/div>\n\n\n\n<p class=\"has-text-align-center\">  2020-05-10 \/ \u00ab\u00a0La vraie sagesse, un art de vivre, selon Jacques 3\u00a0\u00bb (\u00c9tienne Grosrenaud)     <\/p>\n<\/div>\n<\/div>\n\n\n\n<div class=\"wp-block-columns is-layout-flex wp-container-core-columns-is-layout-9d6595d7 wp-block-columns-is-layout-flex\">\n<div class=\"wp-block-column is-layout-flow wp-block-column-is-layout-flow\">\n<div style=\"height:200px !important;\">\n<iframe loading=\"lazy\" width=\"560\" height=\"200\" src=\"https:\/\/www.youtube.com\/embed\/rIcHB5e3GQ8?controls=0\" frameborder=\"0\" allow=\"accelerometer; autoplay; encrypted-media; gyroscope; picture-in-picture\" allowfullscreen=\"\"><\/iframe>\n<\/div>\n\n\n\n<p class=\"has-text-align-center\">2020-05-03 \/ \u00ab\u00a0Attendant son retour dans l&rsquo;esp\u00e9rance\u00a0\u00bb (Daniel Molla)   <\/p>\n<\/div>\n\n\n\n<div class=\"wp-block-column is-layout-flow wp-block-column-is-layout-flow\">\n<div style=\"height:200px !important;\">\n<iframe loading=\"lazy\" width=\"560\" height=\"200\" src=\"https:\/\/www.youtube.com\/embed\/EzTJyQ7vRaU?controls=0\" frameborder=\"0\" allow=\"accelerometer; autoplay; encrypted-media; gyroscope; picture-in-picture\" allowfullscreen=\"\"><\/iframe>\n<\/div>\n\n\n\n<p class=\"has-text-align-center\">2020-04-26 \/ \u00ab\u00a0La confession de foi de Thomas en Jean 20\u00a0\u00bb (K\u00e9vin Commere)     <\/p>\n<\/div>\n<\/div>\n\n\n\n<div class=\"wp-block-columns is-layout-flex wp-container-core-columns-is-layout-9d6595d7 wp-block-columns-is-layout-flex\">\n<div class=\"wp-block-column is-layout-flow wp-block-column-is-layout-flow\">\n<div style=\"height:200px !important;\">\n<iframe loading=\"lazy\" width=\"560\" height=\"200\" src=\"https:\/\/www.youtube.com\/embed\/DrsHmsUP2dY?controls=0\" frameborder=\"0\" allow=\"accelerometer; autoplay; encrypted-media; gyroscope; picture-in-picture\" allowfullscreen=\"\"><\/iframe>\n<\/div>\n\n\n\n<p class=\"has-text-align-center\">2020-04-19 \/ Culte EEBT, \u00ab\u00a0Esa\u00efe 41\u00a0\u00bb (Pierre Perrot) <\/p>\n<\/div>\n\n\n\n<div class=\"wp-block-column is-layout-flow wp-block-column-is-layout-flow\">\n<div style=\"height:200px !important;\">\n<iframe loading=\"lazy\" width=\"560\" height=\"200\" src=\"https:\/\/www.youtube.com\/embed\/-6aMcfzvugU?controls=0\" frameborder=\"0\" allow=\"accelerometer; autoplay; encrypted-media; gyroscope; picture-in-picture\" allowfullscreen=\"\"><\/iframe>\n<\/div>\n\n\n\n<p class=\"has-text-align-center\"> 2020-04-12 \/ Culte de P\u00e2ques 1 Co 15 (\u00c9tienne Grosrenaud)  <\/p>\n<\/div>\n<\/div>\n\n\n\n<div class=\"wp-block-columns is-layout-flex wp-container-core-columns-is-layout-9d6595d7 wp-block-columns-is-layout-flex\">\n<div class=\"wp-block-column is-layout-flow wp-block-column-is-layout-flow\">\n<div style=\"height:200px !important;\">\n<iframe loading=\"lazy\" width=\"560\" height=\"200\" src=\"https:\/\/www.youtube.com\/embed\/AwVZl7ftQMI?controls=0\" frameborder=\"0\" allow=\"accelerometer; autoplay; encrypted-media; gyroscope; picture-in-picture\" allowfullscreen=\"\"><\/iframe>\n<\/div>\n\n\n\n<p class=\"has-text-align-center\">2020-04-07et14 \/  \u00c9tudes bibliques sur H\u00e9b 11 (\u00c9tienne Grosrenaud) <\/p>\n<\/div>\n\n\n\n<div class=\"wp-block-column is-layout-flow wp-block-column-is-layout-flow\">\n<div style=\"height:200px !important;\">\n<iframe loading=\"lazy\" width=\"560\" height=\"200\" src=\"https:\/\/www.youtube.com\/embed\/QTNVDgIoIYY?controls=0\" frameborder=\"0\" allow=\"accelerometer; autoplay; encrypted-media; gyroscope; picture-in-picture\" allowfullscreen=\"\"><\/iframe>\n<\/div>\n\n\n\n<p class=\"has-text-align-center\">2020-03-22 \/ \u00ab\u00a0<strong>Venez \u00e0 moi<\/strong>\u00a0\u00bb dit J\u00e9sus (\u00c9tienne Grosrenaud)  <\/p>\n<\/div>\n<\/div>\n\n\n\n<hr class=\"wp-block-separator has-css-opacity\"\/>\n\n\n\n<div style=\"height:27px\" aria-hidden=\"true\" class=\"wp-block-spacer\"><\/div>\n\n\n\n<p class=\"has-text-align-center\"><strong>Vous pouvez \u00e9couter d&rsquo; <a href=\"https:\/\/oratoiretramelan.ch\/index.php\/cultes-en-ligne\/\">autres cultes en ligne en cliquant sur ce lien<\/a> <\/strong><\/p>\n\n\n\n<p class=\"has-text-align-center\"><strong>et aussi ci-dessous, des pr\u00e9dications et \u00e9tudes bibliques de  l&rsquo;\u00c9glise baptiste de Court<\/strong><\/p>\n\n\n\n<div style=\"height:29px\" aria-hidden=\"true\" class=\"wp-block-spacer\"><\/div>\n\n\n\n<hr class=\"wp-block-separator has-css-opacity\"\/>\n\n\n\n<div style=\"height:26px\" aria-hidden=\"true\" class=\"wp-block-spacer\"><\/div>\n\n\n\n<div class=\"wp-block-columns is-layout-flex wp-container-core-columns-is-layout-9d6595d7 wp-block-columns-is-layout-flex\">\n<div class=\"wp-block-column is-layout-flow wp-block-column-is-layout-flow\">\n<div style=\"height:200px !important;\">\n<iframe loading=\"lazy\" width=\"560\" height=\"200\" src=\"https:\/\/www.youtube.com\/embed\/Vbtik5FoA4A?controls=0\" frameborder=\"0\" allow=\"accelerometer; autoplay; encrypted-media; gyroscope; picture-in-picture\" allowfullscreen=\"\"><\/iframe>\n<\/div>\n\n\n\n<p class=\"has-text-align-center\"> 2020-03-22 \/ Culte \u00e0 <strong>Court<\/strong> (C\u00e9dric Jung)  <\/p>\n<\/div>\n\n\n\n<div class=\"wp-block-column is-layout-flow wp-block-column-is-layout-flow\">\n<div style=\"height:20px\" aria-hidden=\"true\" class=\"wp-block-spacer\"><\/div>\n\n\n\n<div class=\"wp-block-image\"><figure class=\"aligncenter size-large is-resized\"><img loading=\"lazy\" decoding=\"async\" src=\"https:\/\/oratoiretramelan.ch\/wp-content\/uploads\/2020\/03\/Bible-lunettes-bougies.jpg\" alt=\"\" class=\"wp-image-346\" width=\"175\" height=\"97\"\/><\/figure><\/div>\n\n\n\n<p><\/p>\n<\/div>\n<\/div>\n\n\n\n<div style=\"height:20px\" aria-hidden=\"true\" class=\"wp-block-spacer\"><\/div>\n\n\n\n<h4 class=\"wp-block-heading\">S\u00e9rie \u00ab\u00a0Autour de P\u00e2ques\u00a0\u00bb \/  \u00c9glise de Court<\/h4>\n\n\n\n<div style=\"height:31px\" aria-hidden=\"true\" class=\"wp-block-spacer\"><\/div>\n\n\n\n<div class=\"wp-block-columns is-layout-flex wp-container-core-columns-is-layout-9d6595d7 wp-block-columns-is-layout-flex\">\n<div class=\"wp-block-column is-layout-flow wp-block-column-is-layout-flow\">\n<div style=\"height:200px !important;\">\n<iframe loading=\"lazy\" width=\"560\" height=\"200\" src=\"https:\/\/www.youtube.com\/embed\/nzXpGZbw-Xc?controls=0\" frameborder=\"0\" allow=\"accelerometer; autoplay; encrypted-media; gyroscope; picture-in-picture\" allowfullscreen=\"\"><\/iframe>\n<\/div>\n\n\n\n<p>Introduction \u00e0 la s\u00e9rie \u00ab\u00a0<strong>Autour de P\u00e2ques 2020<\/strong>\u00a0\u00bb \/ (\u00c9glise de Court) <\/p>\n\n\n\n<div style=\"height:20px\" aria-hidden=\"true\" class=\"wp-block-spacer\"><\/div>\n<\/div>\n\n\n\n<div class=\"wp-block-column is-layout-flow wp-block-column-is-layout-flow\">\n<div style=\"height:200px !important;\">\n<iframe loading=\"lazy\" width=\"560\" height=\"200\" src=\"https:\/\/www.youtube.com\/embed\/h8xB_1BsOBI?controls=0\" frameborder=\"0\" allow=\"accelerometer; autoplay; encrypted-media; gyroscope; picture-in-picture\" allowfullscreen=\"\"><\/iframe>\n<\/div>\n\n\n\n<p>#01 \u00ab\u00a0J\u00e9sus va mourir\u00a0\u00bb (Mt 26.1-14) \/ s\u00e9rie \u00ab\u00a0<strong>Autour de P\u00e2ques 2020<\/strong>\u00a0\u00bb \/ (\u00c9glise de Court) <\/p>\n<\/div>\n<\/div>\n\n\n\n<div class=\"wp-block-columns is-layout-flex wp-container-core-columns-is-layout-9d6595d7 wp-block-columns-is-layout-flex\">\n<div class=\"wp-block-column is-layout-flow wp-block-column-is-layout-flow\">\n<div style=\"height:200px !important;\">\n<iframe loading=\"lazy\" width=\"560\" height=\"200\" src=\"https:\/\/www.youtube.com\/embed\/0c72XBhHOZg?controls=0\" frameborder=\"0\" allow=\"accelerometer; autoplay; encrypted-media; gyroscope; picture-in-picture\" allowfullscreen=\"\"><\/iframe>\n<\/div>\n\n\n\n<p>#02 \u00ab\u00a0J\u00e9sus est arr\u00eat\u00e9\u00a0\u00bb (Mt 26.30-56) \/ s\u00e9rie \u00ab\u00a0<strong>Autour de P\u00e2ques 2020<\/strong>\u00a0\u00bb \/ (\u00c9glise de Court)  <\/p>\n<\/div>\n\n\n\n<div class=\"wp-block-column is-layout-flow wp-block-column-is-layout-flow\">\n<div style=\"height:200px !important;\">\n<iframe loading=\"lazy\" width=\"560\" height=\"200\" src=\"https:\/\/www.youtube.com\/embed\/PTbYVp1Ky3A\/controls=0\" frameborder=\"0\" allow=\"accelerometer; autoplay; encrypted-media; gyroscope; picture-in-picture\" allowfullscreen=\"\"><\/iframe>\n<\/div>\n\n\n\n<p>#03 \u00ab\u00a0J\u00e9sus est jug\u00e9 (Matthieu 26.57\u201327.26) \/ s\u00e9rie \u00ab\u00a0<strong>Autour de P\u00e2ques 2020<\/strong>\u00a0\u00bb \/ (\u00c9glise de Court)   <\/p>\n<\/div>\n<\/div>\n\n\n\n<hr class=\"wp-block-separator has-css-opacity\"\/>\n\n\n\n<div class=\"wp-block-columns is-layout-flex wp-container-core-columns-is-layout-9d6595d7 wp-block-columns-is-layout-flex\">\n<div class=\"wp-block-column is-layout-flow wp-block-column-is-layout-flow\">\n<div style=\"height:200px !important;\">\n<iframe loading=\"lazy\" width=\"560\" height=\"200\" src=\"https:\/\/www.youtube.com\/embed\/quRJIQQBdPE\/controls=0\" frameborder=\"0\" allow=\"accelerometer; autoplay; encrypted-media; gyroscope; picture-in-picture\" allowfullscreen=\"\"><\/iframe>\n<\/div>\n\n\n\n<p>#04 \u00ab\u00a0J\u00e9sus est jug\u00e9 (Matthieu 26.57\u201327.26) \/ s\u00e9rie \u00ab\u00a0<strong>Autour de P\u00e2ques 2020<\/strong>\u00a0\u00bb \/ (\u00c9glise de Court)    <\/p>\n\n\n\n<div style=\"height:44px\" aria-hidden=\"true\" class=\"wp-block-spacer\"><\/div>\n\n\n\n<div style=\"height:200px !important;\">\n<iframe loading=\"lazy\" width=\"560\" height=\"200\" src=\"https:\/\/www.youtube.com\/embed\/53gWOOYVEYY\/controls=0\" frameborder=\"0\" allow=\"accelerometer; autoplay; encrypted-media; gyroscope; picture-in-picture\" allowfullscreen=\"\"><\/iframe>\n<\/div>\n\n\n\n<p>#06 J\u00e9sus envoie ses disciples (Matthieu 28.16-20) \/ s\u00e9rie \u00ab\u00a0<strong>Autour de P\u00e2ques 2020<\/strong>\u00a0\u00bb \/ (\u00c9glise de Court)      <\/p>\n<\/div>\n\n\n\n<div class=\"wp-block-column is-layout-flow wp-block-column-is-layout-flow\">\n<div style=\"height:200px !important;\">\n<iframe loading=\"lazy\" width=\"560\" height=\"200\" src=\"https:\/\/www.youtube.com\/embed\/Xb8l8caHLug\/controls=0\" frameborder=\"0\" allow=\"accelerometer; autoplay; encrypted-media; gyroscope; picture-in-picture\" allowfullscreen=\"\"><\/iframe>\n<\/div>\n\n\n\n<p>#05 \u00ab\u00a0J\u00e9sus revient \u00e0 la vie\u00a0\u00bb (Matthieu 27.57\u201328.15) \/ s\u00e9rie \u00ab\u00a0<strong>Autour de P\u00e2ques 2020<\/strong>\u00a0\u00bb \/ (\u00c9glise de Court)     <\/p>\n<\/div>\n<\/div>\n\n\n\n<hr class=\"wp-block-separator has-css-opacity\"\/>\n\n\n\n<p><\/p>\n","protected":false},"excerpt":{"rendered":"<p>Quelques cultes ont \u00e9t\u00e9 diffus\u00e9s au format vid\u00e9o, en particulier pendant la pand\u00e9mie. Mais en g\u00e9n\u00e9ral ils sont simplement mis en ligne au format audio ici : \u00ab\u00a0messages audio\u00a0\u00bb de &hellip; <\/p>\n","protected":false},"author":4,"featured_media":0,"parent":0,"menu_order":0,"comment_status":"closed","ping_status":"closed","template":"","meta":{"footnotes":""},"class_list":["post-164","page","type-page","status-publish","hentry"],"_links":{"self":[{"href":"https:\/\/oratoiretramelan.ch\/index.php\/wp-json\/wp\/v2\/pages\/164","targetHints":{"allow":["GET"]}}],"collection":[{"href":"https:\/\/oratoiretramelan.ch\/index.php\/wp-json\/wp\/v2\/pages"}],"about":[{"href":"https:\/\/oratoiretramelan.ch\/index.php\/wp-json\/wp\/v2\/types\/page"}],"author":[{"embeddable":true,"href":"https:\/\/oratoiretramelan.ch\/index.php\/wp-json\/wp\/v2\/users\/4"}],"replies":[{"embeddable":true,"href":"https:\/\/oratoiretramelan.ch\/index.php\/wp-json\/wp\/v2\/comments?post=164"}],"version-history":[{"count":552,"href":"https:\/\/oratoiretramelan.ch\/index.php\/wp-json\/wp\/v2\/pages\/164\/revisions"}],"predecessor-version":[{"id":2486,"href":"https:\/\/oratoiretramelan.ch\/index.php\/wp-json\/wp\/v2\/pages\/164\/revisions\/2486"}],"wp:attachment":[{"href":"https:\/\/oratoiretramelan.ch\/index.php\/wp-json\/wp\/v2\/media?parent=164"}],"curies":[{"name":"wp","href":"https:\/\/api.w.org\/{rel}","templated":true}]}}