{"id":221,"date":"2020-03-22T16:54:47","date_gmt":"2020-03-22T15:54:47","guid":{"rendered":"https:\/\/tramelan.associationbaptiste.org\/?page_id=221"},"modified":"2020-10-19T19:16:56","modified_gmt":"2020-10-19T17:16:56","slug":"page-speciale-enfants-2","status":"publish","type":"page","link":"https:\/\/oratoiretramelan.ch\/index.php\/page-speciale-enfants-2\/","title":{"rendered":"Page sp\u00e9ciale enfants"},"content":{"rendered":"\n<div class=\"wp-block-group\"><div class=\"wp-block-group__inner-container is-layout-flow wp-block-group-is-layout-flow\">\n<hr class=\"wp-block-separator\"\/>\n\n\n\n<h3 class=\"wp-block-heading\"><strong>Des padlets<\/strong><\/h3>\n<\/div><\/div>\n\n\n\n<div class=\"wp-block-columns is-layout-flex wp-container-core-columns-is-layout-9d6595d7 wp-block-columns-is-layout-flex\">\n<div class=\"wp-block-column is-layout-flow wp-block-column-is-layout-flow\">\n<figure class=\"wp-block-image size-large is-resized\"><a href=\"https:\/\/padlet.com\/eebtramelan\/thnuw6j165vo\" target=\"_blank\" rel=\"noreferrer noopener\"><img loading=\"lazy\" decoding=\"async\" src=\"https:\/\/oratoiretramelan.ch\/wp-content\/uploads\/2020\/04\/padlet-J\u00e9susMatthieu.png\" alt=\"\" class=\"wp-image-463\" width=\"247\" height=\"108\"\/><\/a><\/figure>\n\n\n\n<p>J\u00e9sus et Matthieu (Lc5)<\/p>\n<\/div>\n\n\n\n<div class=\"wp-block-column is-layout-flow wp-block-column-is-layout-flow\">\n<figure class=\"wp-block-image size-large is-resized\"><a href=\"https:\/\/padlet.com\/etiennegrosrenaud\/yn750smuy5ed\" target=\"_blank\" rel=\"noreferrer noopener\"><img loading=\"lazy\" decoding=\"async\" src=\"https:\/\/oratoiretramelan.ch\/wp-content\/uploads\/2020\/04\/padlet-Paques.png\" alt=\"\" class=\"wp-image-464\" width=\"215\" height=\"114\"\/><\/a><\/figure>\n\n\n\n<p> Chemin de P\u00e2ques <\/p>\n<\/div>\n\n\n\n<div class=\"wp-block-column is-layout-flow wp-block-column-is-layout-flow\">\n<figure class=\"wp-block-image size-large is-resized\"><a href=\"https:\/\/padlet.com\/gourlineve\/aevnawfrjx0h\" target=\"_blank\" rel=\"noreferrer noopener\"><img loading=\"lazy\" decoding=\"async\" src=\"https:\/\/oratoiretramelan.ch\/wp-content\/uploads\/2020\/04\/Padlet3-P\u00e2ques-un-chemin-damour.png\" alt=\"\" class=\"wp-image-597\" width=\"241\" height=\"113\"\/><\/a><\/figure>\n\n\n\n<p> P\u00e2ques un chemin d&rsquo;amour pour toi <\/p>\n<\/div>\n<\/div>\n\n\n\n<hr class=\"wp-block-separator\"\/>\n\n\n\n<div class=\"wp-block-columns is-layout-flex wp-container-core-columns-is-layout-9d6595d7 wp-block-columns-is-layout-flex\">\n<div class=\"wp-block-column is-layout-flow wp-block-column-is-layout-flow\">\n<figure class=\"wp-block-image size-large is-resized\"><a href=\"https:\/\/padlet.com\/maureryolande\/rpkekdv4bb1e\" target=\"_blank\" rel=\"noreferrer noopener\"><img loading=\"lazy\" decoding=\"async\" src=\"https:\/\/oratoiretramelan.ch\/wp-content\/uploads\/2020\/04\/Chemin-d-Emmaus.png\" alt=\"\" class=\"wp-image-695\" width=\"186\" height=\"133\"\/><\/a><\/figure>\n\n\n\n<p class=\"has-normal-font-size\"> Sur le chemin d&rsquo;\u00c9mma\u00fcs <\/p>\n<\/div>\n\n\n\n<div class=\"wp-block-column is-layout-flow wp-block-column-is-layout-flow\">\n<figure class=\"wp-block-image size-large is-resized\"><a href=\"https:\/\/padlet.com\/maureryolande\/wy2e9jbbpbw4agob\" target=\"_blank\" rel=\"noreferrer noopener\"><img loading=\"lazy\" decoding=\"async\" src=\"https:\/\/oratoiretramelan.ch\/wp-content\/uploads\/2020\/04\/Carnet-de-chants.png\" alt=\"\" class=\"wp-image-825\" width=\"180\" height=\"134\"\/><\/a><\/figure>\n\n\n\n<p class=\"has-normal-font-size\">Carnet de chants<\/p>\n<\/div>\n\n\n\n<div class=\"wp-block-column is-layout-flow wp-block-column-is-layout-flow\"><\/div>\n<\/div>\n\n\n\n<hr class=\"wp-block-separator\"\/>\n\n\n\n<div class=\"wp-block-columns is-layout-flex wp-container-core-columns-is-layout-9d6595d7 wp-block-columns-is-layout-flex\">\n<div class=\"wp-block-column is-layout-flow wp-block-column-is-layout-flow\">\n<p class=\"has-medium-font-size\">Des <strong>ressources <\/strong>pour moniteurs :<\/p>\n\n\n\n<figure class=\"wp-block-image size-large is-resized\"><a href=\"https:\/\/padlet.com\/aeeblf\/zj5jgvbbspc4ga60\" target=\"_blank\" rel=\"noreferrer noopener\"><img loading=\"lazy\" decoding=\"async\" src=\"https:\/\/oratoiretramelan.ch\/wp-content\/uploads\/2020\/04\/Ressources-moniteurs.png\" alt=\"\" class=\"wp-image-632\" width=\"150\" height=\"91\"\/><\/a><\/figure>\n<\/div>\n\n\n\n<div class=\"wp-block-column is-layout-flow wp-block-column-is-layout-flow\">\n<p class=\"has-medium-font-size\">Des <strong>vid\u00e9os <\/strong>propos\u00e9es par La Ligue (LLB) sur YouTube :<\/p>\n\n\n\n<figure class=\"wp-block-image size-large is-resized\"><a href=\"https:\/\/www.youtube.com\/channel\/UChHVZLp0nQyTkPPViLrGqnA\" target=\"_blank\" rel=\"noreferrer noopener\"><img loading=\"lazy\" decoding=\"async\" src=\"https:\/\/oratoiretramelan.ch\/wp-content\/uploads\/2020\/04\/YouTubeLLB.png\" alt=\"\" class=\"wp-image-670\" width=\"144\" height=\"74\"\/><\/a><\/figure>\n<\/div>\n\n\n\n<div class=\"wp-block-column is-layout-flow wp-block-column-is-layout-flow\">\n<p class=\"has-medium-font-size\">Et pour les <strong>10-14 ans<\/strong> :<\/p>\n\n\n\n<figure class=\"wp-block-image size-large is-resized\"><a href=\"https:\/\/padlet.com\/maureryolande\/anplwuu16ms6yr58\" target=\"_blank\" rel=\"noreferrer noopener\"><img loading=\"lazy\" decoding=\"async\" src=\"https:\/\/oratoiretramelan.ch\/wp-content\/uploads\/2020\/04\/J\u00e9sus-homme-et-Dieu.png\" alt=\"\" class=\"wp-image-680\" width=\"184\" height=\"131\"\/><\/a><\/figure>\n\n\n\n<p style=\"font-size:15px\">J\u00e9sus pleinement homme, pleinement Dieu<\/p>\n<\/div>\n<\/div>\n\n\n\n<hr class=\"wp-block-separator\"\/>\n\n\n\n<h3 class=\"wp-block-heading\"><strong>Des cultes pour enfants<\/strong><\/h3>\n\n\n\n<div class=\"wp-block-columns is-layout-flex wp-container-core-columns-is-layout-9d6595d7 wp-block-columns-is-layout-flex\">\n<div class=\"wp-block-column is-layout-flow wp-block-column-is-layout-flow\">\n<figure class=\"wp-block-image size-large is-resized\"><a href=\"https:\/\/www.youtube.com\/watch?v=3YSlZW9ix4Y&amp;list=PLU-GvOiiJadCsGg6lz_Ro2X6RkG8apOPs\" target=\"_blank\" rel=\"noreferrer noopener\"><img loading=\"lazy\" decoding=\"async\" src=\"https:\/\/oratoiretramelan.ch\/wp-content\/uploads\/2020\/04\/Cultes-enfants-deux-rives.png\" alt=\"\" class=\"wp-image-834\" width=\"226\" height=\"113\"\/><\/a><\/figure>\n\n\n\n<p>  Cultes pour enfants de l&rsquo;\u00c9glise <a rel=\"noreferrer noopener\" aria-label=\" (s\u2019ouvre dans un nouvel onglet)\" href=\"https:\/\/www.youtube.com\/watch?v=3YSlZW9ix4Y&amp;list=PLU-GvOiiJadCsGg6lz_Ro2X6RkG8apOPs\" target=\"_blank\">\u00ab\u00a0Des deux rives\u00a0\u00bb<\/a> de Toulouse  <\/p>\n<\/div>\n\n\n\n<div class=\"wp-block-column is-layout-flow wp-block-column-is-layout-flow\">\n<p>lien direct vers le m\u00eame site<\/p>\n\n\n\n<figure class=\"wp-block-embed-youtube aligncenter wp-block-embed is-type-video is-provider-youtube wp-embed-aspect-16-9 wp-has-aspect-ratio\"><div class=\"wp-block-embed__wrapper\">\n<iframe loading=\"lazy\" title=\"Enseignement de Marc 4.35-5.43 pour les enfants - Eglise Les Deux Rives\" width=\"767\" height=\"431\" src=\"https:\/\/www.youtube.com\/embed\/videoseries?list=PLU-GvOiiJadCsGg6lz_Ro2X6RkG8apOPs\" frameborder=\"0\" allow=\"accelerometer; autoplay; encrypted-media; gyroscope; picture-in-picture\" allowfullscreen><\/iframe>\n<\/div><\/figure>\n<\/div>\n\n\n\n<div class=\"wp-block-column is-layout-flow wp-block-column-is-layout-flow\">\n<div class=\"wp-block-image\"><figure class=\"aligncenter size-large is-resized\"><a href=\"https:\/\/eglise-connexion.com\/dimanche?fbclid=IwAR3RvxBzqaOS3jR1ZH8PIYF93ZmEJJTGmooHuU0vp1YLoxT1m81Xm9QZJVY#culteenfants\" target=\"_blank\" rel=\"noreferrer noopener\"><img loading=\"lazy\" decoding=\"async\" src=\"https:\/\/oratoiretramelan.ch\/wp-content\/uploads\/2020\/04\/Cultes-pour-enfants-mini.jpg\" alt=\"\" class=\"wp-image-457\" width=\"165\" height=\"110\"\/><\/a><\/figure><\/div>\n\n\n\n<p class=\"has-text-align-center\">  Cultes pour enfants de l&rsquo;\u00c9glise <a rel=\"noreferrer noopener\" href=\"https:\/\/eglise-connexion.com\/dimanche?fbclid=IwAR3RvxBzqaOS3jR1ZH8PIYF93ZmEJJTGmooHuU0vp1YLoxT1m81Xm9QZJVY#culteenfants\" target=\"_blank\">\u00ab\u00a0Connexion\u00a0\u00bb<\/a>   <\/p>\n<\/div>\n<\/div>\n\n\n\n<hr class=\"wp-block-separator\"\/>\n\n\n\n<h3 class=\"wp-block-heading\"><strong>Des sites pour enfants<\/strong><\/h3>\n\n\n\n<div class=\"wp-block-columns is-layout-flex wp-container-core-columns-is-layout-9d6595d7 wp-block-columns-is-layout-flex\">\n<div class=\"wp-block-column is-layout-flow wp-block-column-is-layout-flow\">\n<div class=\"wp-block-image\"><figure class=\"aligncenter size-large is-resized\"><a href=\"https:\/\/www.cliquelavie.com\/\" target=\"_blank\" rel=\"noreferrer noopener\"><img loading=\"lazy\" decoding=\"async\" src=\"https:\/\/oratoiretramelan.ch\/wp-content\/uploads\/2020\/03\/Cliquelavie-site.png\" alt=\"\" class=\"wp-image-308\" width=\"157\" height=\"109\"\/><\/a><\/figure><\/div>\n\n\n\n<p class=\"has-text-align-center\">  Le site <a rel=\"noreferrer noopener\" href=\"https:\/\/www.cliquelavie.com\/\" target=\"_blank\">\u00ab\u00a0Cliquelavie\u00a0\u00bb<\/a>    <\/p>\n<\/div>\n\n\n\n<div class=\"wp-block-column is-layout-flow wp-block-column-is-layout-flow\">\n<div class=\"wp-block-image\"><figure class=\"aligncenter size-large is-resized\"><a href=\"https:\/\/www.facebook.com\/AEE-France-Association-Evangile-Enfance-917688574973754\/?ref=bookmarks\" target=\"_blank\" rel=\"noreferrer noopener\"><img loading=\"lazy\" decoding=\"async\" src=\"https:\/\/oratoiretramelan.ch\/wp-content\/uploads\/2020\/03\/AEE-page-facebook.png\" alt=\"\" class=\"wp-image-307\" width=\"280\" height=\"111\"\/><\/a><\/figure><\/div>\n\n\n\n<p class=\"has-text-align-center\"> La page Facebook de l&rsquo;<a rel=\"noreferrer noopener\" href=\"https:\/\/www.facebook.com\/AEE-France-Association-Evangile-Enfance-917688574973754\/?ref=bookmarks\" target=\"_blank\">AEE<\/a>   <\/p>\n<\/div>\n\n\n\n<div class=\"wp-block-column is-layout-flow wp-block-column-is-layout-flow\"><\/div>\n<\/div>\n\n\n\n<hr class=\"wp-block-separator\"\/>\n\n\n\n<h3 class=\"wp-block-heading\">Des histoires bibliques<\/h3>\n\n\n\n<div class=\"wp-block-columns is-layout-flex wp-container-core-columns-is-layout-9d6595d7 wp-block-columns-is-layout-flex\">\n<div class=\"wp-block-column is-layout-flow wp-block-column-is-layout-flow\">\n<figure class=\"wp-block-embed-youtube wp-block-embed is-type-video is-provider-youtube wp-embed-aspect-16-9 wp-has-aspect-ratio\"><div class=\"wp-block-embed__wrapper\">\n<iframe loading=\"lazy\" title=\"Zach\u00e9e (nouvelle version - pour enfants)\" width=\"767\" height=\"431\" src=\"https:\/\/www.youtube.com\/embed\/ZFOXX423D4E?feature=oembed\" frameborder=\"0\" allow=\"accelerometer; autoplay; encrypted-media; gyroscope; picture-in-picture\" allowfullscreen><\/iframe>\n<\/div><\/figure>\n<\/div>\n\n\n\n<div class=\"wp-block-column is-layout-flow wp-block-column-is-layout-flow\">\n<figure class=\"wp-block-embed-youtube wp-block-embed is-type-video is-provider-youtube wp-embed-aspect-4-3 wp-has-aspect-ratio\"><div class=\"wp-block-embed__wrapper\">\n<iframe loading=\"lazy\" title=\"La temp\u00eate apais\u00e9e\" width=\"767\" height=\"575\" src=\"https:\/\/www.youtube.com\/embed\/mo9jnkmtgp4?feature=oembed\" frameborder=\"0\" allow=\"accelerometer; autoplay; encrypted-media; gyroscope; picture-in-picture\" allowfullscreen><\/iframe>\n<\/div><\/figure>\n<\/div>\n\n\n\n<div class=\"wp-block-column is-layout-flow wp-block-column-is-layout-flow\">\n<figure class=\"wp-block-embed-youtube wp-block-embed is-type-video is-provider-youtube wp-embed-aspect-16-9 wp-has-aspect-ratio\"><div class=\"wp-block-embed__wrapper\">\n<iframe loading=\"lazy\" title=\"SUPERBOOK FR Saison 1 Episode 1 - L&#039;univers en un mot !\" width=\"767\" height=\"431\" src=\"https:\/\/www.youtube.com\/embed\/4-cneE5HunI?feature=oembed\" frameborder=\"0\" allow=\"accelerometer; autoplay; encrypted-media; gyroscope; picture-in-picture\" allowfullscreen><\/iframe>\n<\/div><\/figure>\n<\/div>\n<\/div>\n\n\n\n<hr class=\"wp-block-separator\"\/>\n\n\n\n<h3 class=\"wp-block-heading\">Des chants&#8230;<\/h3>\n\n\n\n<div class=\"wp-block-columns is-layout-flex wp-container-core-columns-is-layout-9d6595d7 wp-block-columns-is-layout-flex\">\n<div class=\"wp-block-column is-layout-flow wp-block-column-is-layout-flow\">\n<figure class=\"wp-block-embed-youtube wp-block-embed is-type-video is-provider-youtube wp-embed-aspect-16-9 wp-has-aspect-ratio\"><div class=\"wp-block-embed__wrapper\">\n<iframe loading=\"lazy\" title=\"Je te louerai - Chant de louange pour les enfants\" width=\"767\" height=\"431\" src=\"https:\/\/www.youtube.com\/embed\/b1RUDB2z200?feature=oembed\" frameborder=\"0\" allow=\"accelerometer; autoplay; encrypted-media; gyroscope; picture-in-picture\" allowfullscreen><\/iframe>\n<\/div><\/figure>\n<\/div>\n\n\n\n<div class=\"wp-block-column is-layout-flow wp-block-column-is-layout-flow\">\n<figure class=\"wp-block-embed-youtube wp-block-embed is-type-video is-provider-youtube wp-embed-aspect-16-9 wp-has-aspect-ratio\"><div class=\"wp-block-embed__wrapper\">\n<iframe loading=\"lazy\" title=\"Le Notre P\u00e8re - avec les gestes\" width=\"767\" height=\"431\" src=\"https:\/\/www.youtube.com\/embed\/teLiQ6NfWLk?feature=oembed\" frameborder=\"0\" allow=\"accelerometer; autoplay; encrypted-media; gyroscope; picture-in-picture\" allowfullscreen><\/iframe>\n<\/div><\/figure>\n<\/div>\n\n\n\n<div class=\"wp-block-column is-layout-flow wp-block-column-is-layout-flow\">\n<figure class=\"wp-block-embed-youtube wp-block-embed is-type-video is-provider-youtube wp-embed-aspect-16-9 wp-has-aspect-ratio\"><div class=\"wp-block-embed__wrapper\">\n<iframe loading=\"lazy\" title=\"IL N&#039;Y A PERSONNE COMME J\u00c9SUS - Home in Worship kids avec Jemima &amp;  Rushama\" width=\"767\" height=\"431\" src=\"https:\/\/www.youtube.com\/embed\/LT39rNlpr4g?feature=oembed\" frameborder=\"0\" allow=\"accelerometer; autoplay; encrypted-media; gyroscope; picture-in-picture\" allowfullscreen><\/iframe>\n<\/div><\/figure>\n<\/div>\n<\/div>\n","protected":false},"excerpt":{"rendered":"<p>Des padlets J\u00e9sus et Matthieu (Lc5) Chemin de P\u00e2ques P\u00e2ques un chemin d&rsquo;amour pour toi Sur le chemin d&rsquo;\u00c9mma\u00fcs Carnet de chants Des ressources pour moniteurs : Des vid\u00e9os propos\u00e9es &hellip; <\/p>\n","protected":false},"author":4,"featured_media":382,"parent":0,"menu_order":0,"comment_status":"closed","ping_status":"closed","template":"","meta":{"footnotes":""},"class_list":["post-221","page","type-page","status-publish","has-post-thumbnail","hentry"],"_links":{"self":[{"href":"https:\/\/oratoiretramelan.ch\/index.php\/wp-json\/wp\/v2\/pages\/221","targetHints":{"allow":["GET"]}}],"collection":[{"href":"https:\/\/oratoiretramelan.ch\/index.php\/wp-json\/wp\/v2\/pages"}],"about":[{"href":"https:\/\/oratoiretramelan.ch\/index.php\/wp-json\/wp\/v2\/types\/page"}],"author":[{"embeddable":true,"href":"https:\/\/oratoiretramelan.ch\/index.php\/wp-json\/wp\/v2\/users\/4"}],"replies":[{"embeddable":true,"href":"https:\/\/oratoiretramelan.ch\/index.php\/wp-json\/wp\/v2\/comments?post=221"}],"version-history":[{"count":156,"href":"https:\/\/oratoiretramelan.ch\/index.php\/wp-json\/wp\/v2\/pages\/221\/revisions"}],"predecessor-version":[{"id":1271,"href":"https:\/\/oratoiretramelan.ch\/index.php\/wp-json\/wp\/v2\/pages\/221\/revisions\/1271"}],"wp:featuredmedia":[{"embeddable":true,"href":"https:\/\/oratoiretramelan.ch\/index.php\/wp-json\/wp\/v2\/media\/382"}],"wp:attachment":[{"href":"https:\/\/oratoiretramelan.ch\/index.php\/wp-json\/wp\/v2\/media?parent=221"}],"curies":[{"name":"wp","href":"https:\/\/api.w.org\/{rel}","templated":true}]}}